{"id":1965,"date":"2016-02-19T23:04:14","date_gmt":"2016-02-20T04:04:14","guid":{"rendered":"http:\/\/carfms.org\/?page_id=1965"},"modified":"2016-02-19T23:07:16","modified_gmt":"2016-02-20T04:07:16","slug":"call-for-papers","status":"publish","type":"page","link":"https:\/\/carfms.org\/fr\/conferences\/5th-annual-conference\/call-for-papers\/","title":{"rendered":"Appel \u00e0 Communications"},"content":{"rendered":"<p><\/p>\n<h2><strong>LA RESTRUCTURATION DU REFUGE ET DE L\u2019\u00c9TABLISSEMENT : COMMENT R\u00c9PONDRE \u00c0 LA DYNAMIQUE MONDIALE DE D\u00c9PLACEMENT DES POPULATIONS?<\/strong><\/h2>\n<p><strong><em>Conf\u00e9rence organis\u00e9e par <\/em><\/strong><br \/><strong><em>L\u2019Association Canadienne d\u2019\u00c9tudes sur les R\u00e9fugi\u00e9s et les Migrations Forc\u00e9es (ACERMF) Pr\u00e9sent\u00e9e par le <\/em><\/strong><br \/><strong><em>Centre d\u2019\u00c9tudes sur les R\u00e9fugi\u00e9s (CRS) <\/em><\/strong><br \/><strong><em>Universit\u00e9 d\u2019York, Toronto, Ontario, Canada <\/em><\/strong><br \/><strong><em>Du 16 au 18 mai 2012<\/em><\/strong><\/p>\n<p>La globalisation a profond\u00e9ment modifi\u00e9 les sch\u00e9mas classiques de la mobilit\u00e9 humaine. Les d\u00e9veloppements d\u00e9mographique, \u00e9conomique, social, politique et environnemental acc\u00e9l\u00e8rent le rythme de ce changement. Les \u00e9tats mettent en place des politiques de plus en plus s\u00e9lectives dans le but de maximiser les effets b\u00e9n\u00e9fiques de l\u2019immigration. Ils favorisent non seulement une immigration hautement qualifi\u00e9e, mais \u00e9galement une main d\u2019\u0153uvre hautement flexible. Ces derni\u00e8res ann\u00e9es, le nombre de travailleurs \u00e9trangers temporaires au Canada a plus que doubl\u00e9. On observe la m\u00eame tendance dans d\u2019autres pays. De nouvelles cat\u00e9gories l\u00e9gales et administratives de migrants temporaires voient le jour avec des droits diff\u00e9rents. Certains parmi eux, et plus sp\u00e9cialement les travailleurs temporaires saisonniers, domestiques et circulaires, occupent des emplois mal r\u00e9mun\u00e9r\u00e9s et de statut inf\u00e9rieur, avec des normes du travail m\u00e9diocres, et sont plus susceptibles d\u2019\u00eatre victimes de discrimination en mati\u00e8re d\u2019embauche. Les migrants temporaires peu qualifi\u00e9s n\u2019ont souvent qu\u2019un acc\u00e8s limit\u00e9 \u00e0 la citoyennet\u00e9 dans le pays d\u2019accueil, ce qui les expose \u00e0 tomber en situation irr\u00e9guli\u00e8re. La situation pr\u00e9caire dans laquelle se retrouvent beaucoup de migrants ainsi que les membres de leurs familles repr\u00e9sente un d\u00e9fi en mati\u00e8re de politiques d\u2019\u00e9tablissement. Il y a un besoin urgent de restructurer ces politiques et de mettre sur pied des programmes d\u2019int\u00e9gration complets afin de pr\u00e9venir la marginalisation\u00a0 l\u00e9gale, \u00e9conomique et sociale des migrants.\u00a0 Le domaine des demandes d\u2019asile est \u00e9galement profond\u00e9ment modifi\u00e9 par cette dynamique mondiale de d\u00e9placement. Dans le contexte actuel d\u2019incertitude \u00e9conomique, d\u2019inqui\u00e9tude en ce qui concerne le terrorisme et la s\u00e9curit\u00e9, et de renforcement des contr\u00f4les aux fronti\u00e8res, la situation des personnes d\u00e9plac\u00e9es, des apatrides, des migrants en situation irr\u00e9guli\u00e8re, des demandeurs d\u2019asile et des r\u00e9fugi\u00e9s s\u2019est d\u00e9t\u00e9rior\u00e9e. Cela restreint leur acc\u00e8s \u00e0 la protection. Le renforcement du contr\u00f4le de l\u2019\u00c9tat sur les migrants forc\u00e9s par le biais de mesures plus s\u00e9v\u00e8res en mati\u00e8re d\u2019immigration modifie la logique des structures internes et des politiques publiques. Cela a entra\u00een\u00e9 une baisse des normes de protection et une hausse de la vuln\u00e9rabilit\u00e9 des migrants forc\u00e9s.<\/p>\n<p>La Conf\u00e9rence annuelle de 2012 de l\u2019ACERMF r\u00e9unira d\u00e9cideurs politiques, personnes d\u00e9plac\u00e9es, avocats et chercheurs de diverses disciplines et diff\u00e9rents horizons afin d\u2019aborder la question de la restructuration du refuge et de l\u2019\u00e9tablissement en vue de mieux comprendre comment les politiques, les processus et les structures en mati\u00e8re de migration r\u00e9pondent \u00e0 la dynamique mondiale de d\u00e9placement. Nous invitons des participants ayant des points de vue vari\u00e9s \u00e0 examiner les questions pratiques, empiriques, politiques, l\u00e9gales et th\u00e9oriques soulev\u00e9es en mati\u00e8re de refuge et d\u2019\u00e9tablissement, et ce \u00e0 tous les niveaux : local, national, r\u00e9gional et international. Le programme de la conf\u00e9rence comprendra des discours d\u2019ouverture et des s\u00e9ances pl\u00e9ni\u00e8res par des sp\u00e9cialistes dans le domaine, et nous souhaitons recevoir des propositions de pr\u00e9sentations individuelles et de tables rondes articul\u00e9es autour des grands sous-th\u00e8mes suivants :<\/p>\n<p>La restructuration de l\u2019\u00e9tablissement : questions et probl\u00e8mes aux niveaux local, national, comparatif et international<\/p>\n<p>L\u2019approche utilitaire des \u00c9tats remet en question l\u2019\u00e9quilibre entre, d\u2019une part, les objectifs de d\u00e9veloppement \u00e9conomique et, d\u2019autre part, l\u2019int\u00e9gration et un traitement \u00e9quitable des migrants. Les r\u00e9cents changements dans la s\u00e9lection des travailleurs migrants ont eu des cons\u00e9quences n\u00e9gatives sur la coh\u00e9sion sociale.\u00a0 Le r\u00f4le des politiques d\u2019\u00e9tablissement, d\u2019adaptation et d\u2019int\u00e9gration est primordial \u00e0 l\u2019\u00e9chelle locale, nationale et internationale si l\u2019on veut rem\u00e9dier \u00e0 cette situation et pr\u00e9venir l\u2019exclusion : Quelles sont les points forts et les points faibles des politiques d\u2019\u00e9tablissement? Comment ces politiques devraient-elle \u00eatre adapt\u00e9es aux besoins d\u2019un nombre toujours plus \u00e9lev\u00e9 de travailleurs temporaires? Comment les diff\u00e9rents acteurs peuvent-ils promouvoir un processus d\u2019int\u00e9gration qui encourage la coh\u00e9sion sociale? Quel est le r\u00f4le jou\u00e9 par les autorit\u00e9s locales et nationales, les employeurs et les membres de la soci\u00e9t\u00e9 civile? Comment assurer la coh\u00e9rence et la coordination entre les diff\u00e9rents acteurs \u0153uvrant dans des domaines tels que la sant\u00e9, l\u2019\u00e9ducation, la s\u00e9curit\u00e9 sociale, l\u2019emploi et l\u2019application de la loi? Quels sont les besoins \u00e9conomiques, l\u00e9gaux et sociaux sp\u00e9cifiques aux divers groupes de migrants? Quels sont les effets de l\u2019\u00e2ge, du sexe, de la race, de l\u2019aptitude et d\u2019autres facteurs sur l\u2019\u00e9tablissement des migrants? Quelles sont les meilleures pratiques d\u2019\u00e9tablissement?<\/p>\n<p>La restructuration du refuge : questions et probl\u00e8mes aux niveaux local, national, comparatif et international<\/p>\n<p>La r\u00e9cente r\u00e9forme du syst\u00e8me canadien d\u2019asile politique vise \u00e0 acc\u00e9l\u00e9rer le processus de d\u00e9termination du statut de r\u00e9fugi\u00e9 et \u00e0 r\u00e9duire le nombre de demandeurs d\u2019asile en rendant ce syst\u00e8me moins attrayant. Sur le continent nord-am\u00e9ricain, les \u00c9tats-Unis et le Canada collaborent \u00e9troitement afin de refouler la \u00ab migration ind\u00e9sirable \u00bb. On a pu observer des d\u00e9veloppements similaires dans d\u2019autres parties du globe. Une analyse critique des derniers d\u00e9veloppements et tendances nous aide \u00e0 mieux comprendre les d\u00e9fis actuels : comment les m\u00e9canismes et la logique \u00e0 l\u2019\u0153uvre aux niveaux local, r\u00e9gional et international transforment-ils les discours politiques et m\u00e9diatiques ainsi que les normes, les politiques et les pratiques relatives aux migrants forc\u00e9s? Quels sont les changements dans les modalit\u00e9s institutionnelles et proc\u00e9durales pour traiter les demandes d\u2019asile et de refuge? Comment ces changements affectent-ils les politiques et les normes de protection aux niveaux local, national et international? Comment les diff\u00e9rents acteurs, les institutions et les agences, tant sur le plan local qu\u2019international, promeuvent-ils l\u2019inclusion sociale, \u00e9conomique et l\u00e9gale des migrants forc\u00e9s?<\/p>\n<p>La restructuration de l\u2019\u00e9tablissement et le refuge : nouvelles approches et th\u00e9ories<\/p>\n<p>Des approches novatrices et le d\u00e9veloppement de th\u00e9ories tant dans des disciplines traditionnelles que dans des champs interdisciplinaires contribuent \u00e0 d\u00e9velopper nos connaissances sur les normes, les politiques et les pratiques actuelles relatives aux questions sur l\u2019\u00e9tablissement et le refuge. De nouvelles probl\u00e9matiques th\u00e9oriques, conceptuelles et m\u00e9thodologiques, r\u00e9sultant de divers points de vue critiques et institutionnels, mettent l\u2019accent\u00a0 sur ces questions, notamment : le lien entre refuge et s\u00e9curit\u00e9 dans une \u00e8re de globalisation; l\u2019impact d\u2019une r\u00e8glementation restrictive sur la libert\u00e9 de mouvement des migrants forc\u00e9s; la n\u00e9cessit\u00e9 de red\u00e9finir les politiques d\u2019\u00e9tablissement, d\u2019adaptation et d\u2019int\u00e9gration des immigrants et des r\u00e9fugi\u00e9s dans un contexte d\u2019\u00e9volution des chiffres relatifs \u00e0 la migration; l\u2019adaptation des politiques d\u2019\u00e9tablissement afin de promouvoir l\u2019inclusion sociale des travailleurs temporaires faiblement qualifi\u00e9s, des demandeurs d\u2019asile et des migrants en situation irr\u00e9guli\u00e8re; l\u2019\u00e9tablissement et la citoyennet\u00e9.<\/p>\n<p>SOUMISSION DES R\u00c9SUM\u00c9S<br \/>Les personnes d\u00e9sirant pr\u00e9senter une communication durant la conf\u00e9rence doivent soumettre un r\u00e9sum\u00e9 de 250 mots accompagn\u00e9 d\u2019une notice biographique de 100 mots au plus tard le 30 d\u00e9cembre 2011.\u00a0 Les organisateurs de la conf\u00e9rence souhaitent obtenir des soumissions pour des expos\u00e9s individuels ainsi que des propositions pour des tables rondes.<\/p>\n<p>Pour plus d\u2019informations, veuillez contacter Mme Michele Millard \u00e0 l\u2019adresse suivante : mmillard@yorku.ca<\/p>\n<p><\/p>","protected":false},"excerpt":{"rendered":"<p>LA RESTRUCTURATION DU REFUGE ET DE L\u2019\u00c9TABLISSEMENT : COMMENT R\u00c9PONDRE \u00c0 LA DYNAMIQUE MONDIALE DE D\u00c9PLACEMENT DES POPULATIONS? Conf\u00e9rence organis\u00e9e par L\u2019Association Canadienne d\u2019\u00c9tudes sur les R\u00e9fugi\u00e9s et les Migrations Forc\u00e9es (ACERMF) Pr\u00e9sent\u00e9e par le Centre d\u2019\u00c9tudes sur les R\u00e9fugi\u00e9s (CRS) Universit\u00e9 d\u2019York, Toronto, Ontario, Canada Du 16 au 18 mai 2012 La globalisation a profond\u00e9ment modifi\u00e9 les sch\u00e9mas classiques de la mobilit\u00e9 humaine. Les d\u00e9veloppements d\u00e9mographique, \u00e9conomique, social, politique et environnemental acc\u00e9l\u00e8rent le rythme&#8230;<\/p>\n","protected":false},"author":5,"featured_media":0,"parent":757,"menu_order":0,"comment_status":"closed","ping_status":"closed","template":"","meta":{"ngg_post_thumbnail":0,"footnotes":""},"class_list":["post-1965","page","type-page","status-publish","hentry"],"_links":{"self":[{"href":"https:\/\/carfms.org\/fr\/wp-json\/wp\/v2\/pages\/1965","targetHints":{"allow":["GET"]}}],"collection":[{"href":"https:\/\/carfms.org\/fr\/wp-json\/wp\/v2\/pages"}],"about":[{"href":"https:\/\/carfms.org\/fr\/wp-json\/wp\/v2\/types\/page"}],"author":[{"embeddable":true,"href":"https:\/\/carfms.org\/fr\/wp-json\/wp\/v2\/users\/5"}],"replies":[{"embeddable":true,"href":"https:\/\/carfms.org\/fr\/wp-json\/wp\/v2\/comments?post=1965"}],"version-history":[{"count":0,"href":"https:\/\/carfms.org\/fr\/wp-json\/wp\/v2\/pages\/1965\/revisions"}],"up":[{"embeddable":true,"href":"https:\/\/carfms.org\/fr\/wp-json\/wp\/v2\/pages\/757"}],"wp:attachment":[{"href":"https:\/\/carfms.org\/fr\/wp-json\/wp\/v2\/media?parent=1965"}],"curies":[{"name":"wp","href":"https:\/\/api.w.org\/{rel}","templated":true}]}}